{"id":241,"date":"2017-02-23T16:48:28","date_gmt":"2017-02-23T15:48:28","guid":{"rendered":"http:\/\/www.institution.ndromo41.fr\/institut\/www\/?page_id=241"},"modified":"2017-09-19T22:29:09","modified_gmt":"2017-09-19T20:29:09","slug":"la-pastorale-a-lecole","status":"publish","type":"page","link":"https:\/\/www.institution.ndromo41.fr\/institut\/www\/vie-spirituelle\/la-pastorale-a-lecole\/","title":{"rendered":"La cat\u00e9ch\u00e8se"},"content":{"rendered":"<p class=\"m_-4956441539448752630s2\"><span class=\"m_-4956441539448752630s2\">L\u2019Institution Notre Dame, est un \u00e9tablissement catholique. Son fondement, c\u2019est le Christ et notre\u00a0<\/span><span class=\"m_-4956441539448752630s2\">richesse le message \u00e9vang\u00e9lique<\/span><span class=\"m_-4956441539448752630s2\">\u00a0;<\/span><span class=\"m_-4956441539448752630s2\">\u00a0c\u2019<\/span><span class=\"m_-4956441539448752630s2\">est pourquoi<\/span><span class=\"m_-4956441539448752630s2\">,\u00a0<\/span><span class=\"m_-4956441539448752630s2\">aux 24 heures d\u2019enseignement, vient s<\/span><span class=\"m_-4956441539448752630s2\">\u2019ajouter une heure par semaine, de cat\u00e9ch\u00e8se,\u00a0<\/span><span class=\"m_-4956441539448752630s2\">de la Maternelle \u00e0 la 3\u00e8me.<\/span><\/p>\n<p class=\"m_-4956441539448752630s2\"><span class=\"m_-4956441539448752630s4\"><span class=\"m_-4956441539448752630bumpedFont20\">\u00a0<\/span><\/span><span class=\"m_-4956441539448752630s4\"><span class=\"m_-4956441539448752630bumpedFont20\">Elle\u00a0<\/span><\/span><span class=\"m_-4956441539448752630s4\"><span class=\"m_-4956441539448752630bumpedFont20\">est assur\u00e9e par les religieuses\u00a0<\/span><\/span><span class=\"m_-4956441539448752630s5\"><span class=\"m_-4956441539448752630bumpedFont20\">et des personnes la\u00efques\u00a0<\/span><\/span><span class=\"m_-4956441539448752630s4\"><span class=\"m_-4956441539448752630bumpedFont20\">en lien avec chaque professeur.<\/span><\/span><\/p>\n<p class=\"m_-4956441539448752630s7\"><span class=\"m_-4956441539448752630s6\">Diff\u00e9rents parcours<\/span><span class=\"m_-4956441539448752630s6\">\u00a0sont propos\u00e9s suivant le niveau de classe.<\/span><span class=\"m_-4956441539448752630s6\">\u00a0<\/span><\/p>\n<p class=\"m_-4956441539448752630s7\"><span class=\"m_-4956441539448752630s8\">Des c\u00e9l\u00e9brations<\/span><span class=\"m_-4956441539448752630s9\">\u00a0sont organis\u00e9es \u00a0au sein de l&rsquo;\u00e9cole<\/span><span class=\"m_-4956441539448752630s9\">\u00a0<\/span><span class=\"m_-4956441539448752630s9\">\u00e0 l&rsquo;occasion des grandes f\u00eates religieuses.<\/span><\/p>\n<p class=\"m_-4956441539448752630s2\"><span class=\"m_-4956441539448752630s10\">La pr\u00e9paration aux sacrements<\/span><span class=\"m_-4956441539448752630s2\">\u00a0est propos\u00e9e \u00e0\u00a0<\/span><span class=\"m_-4956441539448752630s10\">tous les jeunes<\/span><span class=\"m_-4956441539448752630s2\">\u00a0de l\u2019\u00e9tablissement\u00a0:<\/span><\/p>\n<div class=\"m_-4956441539448752630s12\" dir=\"auto\"><span class=\"m_-4956441539448752630s11\">&#8211;\u00a0<\/span><span class=\"m_-4956441539448752630s8\">Le B<\/span><span class=\"m_-4956441539448752630s8\">apt\u00eame<\/span><span class=\"m_-4956441539448752630s9\">\u00a0apr\u00e8s deux ans de\u00a0<\/span><span class=\"m_-4956441539448752630s9\">pr\u00e9paration<\/span><span class=\"m_-4956441539448752630s9\">,<\/span><\/div>\n<div class=\"m_-4956441539448752630s12\" dir=\"auto\"><span class=\"m_-4956441539448752630s11\">&#8211;\u00a0<\/span><span class=\"m_-4956441539448752630s8\">La Premi\u00e8re C<\/span><span class=\"m_-4956441539448752630s8\">ommunion<\/span><span class=\"m_-4956441539448752630s9\">, apr\u00e8s deux ans de cat\u00e9ch\u00e8se<\/span><span class=\"m_-4956441539448752630s9\">,<\/span><span class=\"m_-4956441539448752630s9\">\u00a0\u00a0g\u00e9n\u00e9ralement \u00e0 partir du CM,<\/span><\/div>\n<div class=\"m_-4956441539448752630s12\" dir=\"auto\"><span class=\"m_-4956441539448752630s11\">&#8211;\u00a0<\/span><span class=\"m_-4956441539448752630s8\">La P<\/span><span class=\"m_-4956441539448752630s8\">rofession<\/span><span class=\"m_-4956441539448752630s8\">\u00a0de F<\/span><span class=\"m_-4956441539448752630s8\">oi<\/span><span class=\"m_-4956441539448752630s9\">\u00a0<\/span><span class=\"m_-4956441539448752630s13\">apr\u00e8s<\/span><span class=\"m_-4956441539448752630s13\">\u00a0<\/span><span class=\"m_-4956441539448752630s9\">la quatri\u00e8me ann\u00e9e de cat\u00e9ch\u00e8se,<\/span><span class=\"m_-4956441539448752630s9\">\u00a0\u00a0<\/span><\/div>\n<div class=\"m_-4956441539448752630s12\" dir=\"auto\"><span class=\"m_-4956441539448752630s11\">&#8211;\u00a0<\/span><span class=\"m_-4956441539448752630s8\">La C<\/span><span class=\"m_-4956441539448752630s8\">onfirmation<\/span><span class=\"m_-4956441539448752630s14\">\u00a0qui<\/span><span class=\"m_-4956441539448752630s9\">\u00a0suppose\u00a0<\/span><span class=\"m_-4956441539448752630s9\">de participer\u00a0<\/span><span class=\"m_-4956441539448752630s9\">r\u00e9guli\u00e8re<\/span><span class=\"m_-4956441539448752630s9\">ment<\/span><span class=\"m_-4956441539448752630s9\">\u00a0\u00e0 la messe du dimanche<\/span><span class=\"m_-4956441539448752630s9\">,<\/span><span class=\"m_-4956441539448752630s9\">\u00a0pour\u00a0<\/span><span class=\"m_-4956441539448752630s9\">prier avec\u00a0<\/span><span class=\"m_-4956441539448752630s9\">la Communaut\u00e9 chr\u00e9tienne paroissiale et aimer rencon<\/span><span class=\"m_-4956441539448752630s9\">trer le Seigneur dans la pri\u00e8re\u00a0<\/span><span class=\"m_-4956441539448752630s13\">et l\u2019Eucharistie.<\/span><\/div>\n","protected":false},"excerpt":{"rendered":"<div class=\"mh-excerpt\"><p>L\u2019Institution Notre Dame, est un \u00e9tablissement catholique. Son fondement, c\u2019est le Christ et notre\u00a0richesse le message \u00e9vang\u00e9lique\u00a0;\u00a0c\u2019est pourquoi,\u00a0aux 24 heures d\u2019enseignement, vient s\u2019ajouter une heure <a class=\"mh-excerpt-more\" href=\"https:\/\/www.institution.ndromo41.fr\/institut\/www\/vie-spirituelle\/la-pastorale-a-lecole\/\" title=\"La cat\u00e9ch\u00e8se\">[&#8230;]<\/a><\/p>\n<\/div>","protected":false},"author":1,"featured_media":0,"parent":193,"menu_order":1,"comment_status":"closed","ping_status":"closed","template":"template-full.php","meta":{"footnotes":""},"_links":{"self":[{"href":"https:\/\/www.institution.ndromo41.fr\/institut\/www\/wp-json\/wp\/v2\/pages\/241"}],"collection":[{"href":"https:\/\/www.institution.ndromo41.fr\/institut\/www\/wp-json\/wp\/v2\/pages"}],"about":[{"href":"https:\/\/www.institution.ndromo41.fr\/institut\/www\/wp-json\/wp\/v2\/types\/page"}],"author":[{"embeddable":true,"href":"https:\/\/www.institution.ndromo41.fr\/institut\/www\/wp-json\/wp\/v2\/users\/1"}],"replies":[{"embeddable":true,"href":"https:\/\/www.institution.ndromo41.fr\/institut\/www\/wp-json\/wp\/v2\/comments?post=241"}],"version-history":[{"count":5,"href":"https:\/\/www.institution.ndromo41.fr\/institut\/www\/wp-json\/wp\/v2\/pages\/241\/revisions"}],"predecessor-version":[{"id":589,"href":"https:\/\/www.institution.ndromo41.fr\/institut\/www\/wp-json\/wp\/v2\/pages\/241\/revisions\/589"}],"up":[{"embeddable":true,"href":"https:\/\/www.institution.ndromo41.fr\/institut\/www\/wp-json\/wp\/v2\/pages\/193"}],"wp:attachment":[{"href":"https:\/\/www.institution.ndromo41.fr\/institut\/www\/wp-json\/wp\/v2\/media?parent=241"}],"curies":[{"name":"wp","href":"https:\/\/api.w.org\/{rel}","templated":true}]}}